{"id":18804,"date":"2025-10-09T11:50:48","date_gmt":"2025-10-09T09:50:48","guid":{"rendered":"https:\/\/greencells.com\/persoana-de-contact\/adrese-ale-centrelor-regionale\/"},"modified":"2026-02-04T11:30:33","modified_gmt":"2026-02-04T09:30:33","slug":"adrese-ale-centrelor-regionale","status":"publish","type":"page","link":"https:\/\/greencells.com\/ro\/persoana-de-contact\/adrese-ale-centrelor-regionale\/","title":{"rendered":"Adrese ale centrelor regionale"},"content":{"rendered":"<p>[et_pb_section fb_built=&#8221;1&#8243; fullwidth=&#8221;on&#8221; disabled_on=&#8221;off|off|off&#8221; admin_label=&#8221;Hero&#8221; _builder_version=&#8221;4.16&#8243; background_color=&#8221;#2b3648&#8243; custom_padding=&#8221;|||&#8221; transparent_background=&#8221;on&#8221; saved_tabs=&#8221;all&#8221; global_colors_info=&#8221;{}&#8221;][et_pb_fullwidth_header title=&#8221;ADRESE ALE CENTRELOR REGIONALE&#8221; text_orientation=&#8221;center&#8221; background_overlay_color=&#8221;#85bd35&#8243; subhead_font_color=&#8221;#bebebe&#8221; _builder_version=&#8221;4.17.4&#8243; title_level=&#8221;h2&#8243; title_font=&#8221;Source Sans Pro|300|||||||&#8221; title_text_color=&#8221;#ffffff&#8221; title_font_size=&#8221;32px&#8221; title_letter_spacing=&#8221;16px&#8221; content_font=&#8221;Montserrat||||&#8221; content_text_color=&#8221;#bfbfbf&#8221; content_line_height=&#8221;1.8em&#8221; subhead_font=&#8221;Montserrat||||&#8221; subhead_text_color=&#8221;#bebebe&#8221; subhead_line_height=&#8221;1.8em&#8221; background_color=&#8221;#2b3648&#8243; background_enable_image=&#8221;off&#8221; custom_padding=&#8221;0%||0%||false|false&#8221; animation_style=&#8221;fade&#8221; animation_duration=&#8221;1500ms&#8221; title_line_height_last_edited=&#8221;off|desktop&#8221; global_colors_info=&#8221;{}&#8221; button_one_text_size__hover_enabled=&#8221;off&#8221; button_two_text_size__hover_enabled=&#8221;off&#8221; button_one_text_color__hover_enabled=&#8221;off&#8221; button_two_text_color__hover_enabled=&#8221;off&#8221; button_one_border_width__hover_enabled=&#8221;off&#8221; button_two_border_width__hover_enabled=&#8221;off&#8221; button_one_border_color__hover_enabled=&#8221;off&#8221; button_two_border_color__hover_enabled=&#8221;off&#8221; button_one_border_radius__hover_enabled=&#8221;off&#8221; button_two_border_radius__hover_enabled=&#8221;off&#8221; button_one_letter_spacing__hover_enabled=&#8221;off&#8221; button_two_letter_spacing__hover_enabled=&#8221;off&#8221; button_one_bg_color__hover_enabled=&#8221;off&#8221; button_two_bg_color__hover_enabled=&#8221;off&#8221;][\/et_pb_fullwidth_header][\/et_pb_section][et_pb_section fb_built=&#8221;1&#8243; _builder_version=&#8221;4.27.4&#8243; _module_preset=&#8221;default&#8221; custom_margin=&#8221;||0px||false|false&#8221; custom_padding=&#8221;0px||0px|||&#8221; locked=&#8221;off&#8221; global_colors_info=&#8221;{}&#8221;][et_pb_row _builder_version=&#8221;4.18.1&#8243; custom_padding=&#8221;20px||0px||false|false&#8221; locked=&#8221;off&#8221; global_colors_info=&#8221;{}&#8221; parallax_1__hover=&#8221;off&#8221; parallax_1__hover_enabled=&#8221;off&#8221; parallax_2__hover=&#8221;off&#8221; parallax_2__hover_enabled=&#8221;off&#8221; parallax_3__hover=&#8221;off&#8221; parallax_3__hover_enabled=&#8221;off&#8221; parallax_4__hover=&#8221;off&#8221; parallax_4__hover_enabled=&#8221;off&#8221; parallax_method_1__hover=&#8221;on&#8221; parallax_method_1__hover_enabled=&#8221;on&#8221; parallax_method_2__hover=&#8221;on&#8221; parallax_method_2__hover_enabled=&#8221;on&#8221; parallax_method_3__hover=&#8221;on&#8221; parallax_method_3__hover_enabled=&#8221;on&#8221; parallax_method_4__hover=&#8221;on&#8221; parallax_method_4__hover_enabled=&#8221;on&#8221;][et_pb_column type=&#8221;4_4&#8243; _builder_version=&#8221;4.16&#8243; custom_padding=&#8221;|||&#8221; global_colors_info=&#8221;{}&#8221; custom_padding__hover=&#8221;|||&#8221;][et_pb_text _builder_version=&#8221;4.27.4&#8243; text_font=&#8221;Ubuntu||||||||&#8221; text_text_color=&#8221;#838383&#8243; text_font_size=&#8221;18px&#8221; text_line_height=&#8221;30px&#8221; header_font=&#8221;Source Sans Pro||||||||&#8221; header_2_font=&#8221;Source Sans Pro|600|||||||&#8221; header_2_text_color=&#8221;#2b3648&#8243; header_2_font_size=&#8221;58px&#8221; header_2_line_height=&#8221;1.4em&#8221; header_4_font=&#8221;Source Sans Pro|||on|||||&#8221; header_4_text_color=&#8221;#85bd35&#8243; header_4_font_size=&#8221;16px&#8221; header_4_letter_spacing=&#8221;2px&#8221; header_4_line_height=&#8221;1.6em&#8221; text_orientation=&#8221;center&#8221; max_width=&#8221;1000%&#8221; module_alignment=&#8221;center&#8221; custom_margin=&#8221;||-8px||false|false&#8221; custom_padding=&#8221;40px||0px||false|false&#8221; header_2_font_size_tablet=&#8221;30px&#8221; header_2_font_size_phone=&#8221;22px&#8221; header_2_font_size_last_edited=&#8221;on|phone&#8221; header_4_font_size_tablet=&#8221;&#8221; header_4_font_size_phone=&#8221;14px&#8221; header_4_font_size_last_edited=&#8221;on|phone&#8221; locked=&#8221;off&#8221; global_colors_info=&#8221;{}&#8221;]<\/p>\n<h4 style=\"text-align: center;\">PROIECTE GLOBALE, PREZEN\u021a\u0102 LOCAL\u0102 &#8211; UNDE NE PUTE\u021aI G\u0102SI.<\/h4>\n<p>[\/et_pb_text][et_pb_text _builder_version=&#8221;4.27.4&#8243; text_font=&#8221;Ubuntu||||||||&#8221; text_text_color=&#8221;#838383&#8243; text_font_size=&#8221;18px&#8221; text_line_height=&#8221;30px&#8221; header_2_font=&#8221;Source Sans Pro||||||||&#8221; header_2_text_color=&#8221;#2b3648&#8243; header_2_font_size=&#8221;24px&#8221; header_2_letter_spacing=&#8221;6px&#8221; header_2_line_height=&#8221;1.4em&#8221; header_4_font=&#8221;Ubuntu|700||on|||||&#8221; header_4_text_color=&#8221;#85bd35&#8243; header_4_font_size=&#8221;16px&#8221; header_4_letter_spacing=&#8221;2px&#8221; header_4_line_height=&#8221;1.6em&#8221; text_orientation=&#8221;center&#8221; max_width=&#8221;1000%&#8221; module_alignment=&#8221;center&#8221; custom_margin=&#8221;0px||||false|false&#8221; custom_padding=&#8221;0px||0px||false|false&#8221; header_2_font_size_tablet=&#8221;30px&#8221; header_2_font_size_phone=&#8221;22px&#8221; header_2_font_size_last_edited=&#8221;on|phone&#8221; header_4_font_size_tablet=&#8221;&#8221; header_4_font_size_phone=&#8221;14px&#8221; header_4_font_size_last_edited=&#8221;on|phone&#8221; locked=&#8221;off&#8221; global_colors_info=&#8221;{}&#8221;]<\/p>\n<h2>CENTRELE NOASTRE REGIONALE<\/h2>\n<p>[\/et_pb_text][\/et_pb_column][\/et_pb_row][\/et_pb_section][et_pb_section fb_built=&#8221;1&#8243; _builder_version=&#8221;4.27.4&#8243; _module_preset=&#8221;default&#8221; background_color=&#8221;rgba(103,103,103,0.05)&#8221; custom_margin=&#8221;20px||||false|false&#8221; custom_padding=&#8221;20px||0px||false|false&#8221; global_colors_info=&#8221;{}&#8221;][et_pb_row _builder_version=&#8221;4.16&#8243; _module_preset=&#8221;default&#8221; global_colors_info=&#8221;{}&#8221;][et_pb_column type=&#8221;4_4&#8243; _builder_version=&#8221;4.16&#8243; _module_preset=&#8221;default&#8221; global_colors_info=&#8221;{}&#8221;][et_pb_text _builder_version=&#8221;4.17.4&#8243; _module_preset=&#8221;default&#8221; text_font=&#8221;Source Sans Pro|600|||||||&#8221; text_font_size=&#8221;31px&#8221; header_font=&#8221;Source Sans Pro||||||||&#8221; header_text_color=&#8221;#2B3648&#8243; header_font_size=&#8221;28px&#8221; header_letter_spacing=&#8221;6px&#8221; header_2_font=&#8221;Source Sans Pro||||||||&#8221; header_2_font_size=&#8221;28px&#8221; header_2_letter_spacing=&#8221;6px&#8221; background_color=&#8221;RGBA(0,0,0,0)&#8221; global_colors_info=&#8221;{}&#8221;]<\/p>\n<h2 style=\"text-align: center\">GERMANIA<\/h2>\n<p>[\/et_pb_text][\/et_pb_column][\/et_pb_row][\/et_pb_section][et_pb_section fb_built=&#8221;1&#8243; _builder_version=&#8221;4.27.4&#8243; _module_preset=&#8221;default&#8221; background_color=&#8221;#f7f7f7&#8243; custom_margin=&#8221;0px||||false|false&#8221; custom_padding=&#8221;0px||||false|false&#8221; global_colors_info=&#8221;{}&#8221;][et_pb_row column_structure=&#8221;1_3,2_3&#8243; _builder_version=&#8221;4.16&#8243; _module_preset=&#8221;default&#8221; global_colors_info=&#8221;{}&#8221;][et_pb_column type=&#8221;1_3&#8243; _builder_version=&#8221;4.16&#8243; _module_preset=&#8221;default&#8221; global_colors_info=&#8221;{}&#8221;][et_pb_text _builder_version=&#8221;4.18.0&#8243; _module_preset=&#8221;default&#8221; text_font=&#8221;Source Sans Pro||||||||&#8221; header_font=&#8221;Source Sans Pro|600|||||||&#8221; header_font_size=&#8221;36px&#8221; header_3_font=&#8221;Source Sans Pro||||||||&#8221; header_3_font_size=&#8221;18px&#8221; header_3_letter_spacing=&#8221;2px&#8221; header_3_line_height=&#8221;1.4em&#8221; global_colors_info=&#8221;{}&#8221;]<\/p>\n<h3>GREENCELLS GMBH:<br \/>HEADOFFICE SAARBR\u00dcCKEN<\/h3>\n<p><span><\/span><\/p>\n<p><span>Bahnhofstra\u00dfe 28<\/span><br \/><span>66111 Saarbr\u00fccken<\/span><\/p>\n<p>Fabian Herr (CEO)<\/p>\n<p><span>Telefon: +49 681 992 669 10<br \/>Fax: +49 681 992 665 74<\/span><\/p>\n<p>[\/et_pb_text][\/et_pb_column][et_pb_column type=&#8221;2_3&#8243; _builder_version=&#8221;4.16&#8243; _module_preset=&#8221;default&#8221; global_colors_info=&#8221;{}&#8221;][et_pb_image src=&#8221;https:\/\/greencells.com\/wp-content\/uploads\/2023\/11\/GFX_081123_GC_Headquarters-scaled.jpg&#8221; title_text=&#8221;GFX_081123_GC_Headquarters&#8221; _builder_version=&#8221;4.23&#8243; _module_preset=&#8221;default&#8221; global_colors_info=&#8221;{}&#8221;][\/et_pb_image][\/et_pb_column][\/et_pb_row][\/et_pb_section][et_pb_section fb_built=&#8221;1&#8243; _builder_version=&#8221;4.27.4&#8243; _module_preset=&#8221;default&#8221; background_color=&#8221;#FFFFFF&#8221; custom_margin=&#8221;0px||||false|false&#8221; custom_padding=&#8221;30px||0px||false|false&#8221; global_colors_info=&#8221;{}&#8221;][et_pb_row _builder_version=&#8221;4.16&#8243; _module_preset=&#8221;default&#8221; global_colors_info=&#8221;{}&#8221;][et_pb_column type=&#8221;4_4&#8243; _builder_version=&#8221;4.16&#8243; _module_preset=&#8221;default&#8221; global_colors_info=&#8221;{}&#8221;][et_pb_text _builder_version=&#8221;4.27.4&#8243; _module_preset=&#8221;default&#8221; text_font=&#8221;Source Sans Pro|600|||||||&#8221; text_font_size=&#8221;31px&#8221; header_font=&#8221;Source Sans Pro||||||||&#8221; header_text_color=&#8221;#2B3648&#8243; header_font_size=&#8221;28px&#8221; header_letter_spacing=&#8221;6px&#8221; header_2_font=&#8221;Source Sans Pro||||||||&#8221; header_2_font_size=&#8221;28px&#8221; header_2_letter_spacing=&#8221;6px&#8221; background_color=&#8221;RGBA(0,0,0,0)&#8221; global_colors_info=&#8221;{}&#8221;]<\/p>\n<h2 style=\"text-align: center;\">ROM\u00c2NIA<\/h2>\n<p>[\/et_pb_text][\/et_pb_column][\/et_pb_row][\/et_pb_section][et_pb_section fb_built=&#8221;1&#8243; _builder_version=&#8221;4.27.4&#8243; _module_preset=&#8221;default&#8221; custom_margin=&#8221;0px||30px||false|false&#8221; custom_padding=&#8221;0px||0px||false|false&#8221; locked=&#8221;off&#8221; global_colors_info=&#8221;{}&#8221;][et_pb_row column_structure=&#8221;1_3,2_3&#8243; _builder_version=&#8221;4.16&#8243; _module_preset=&#8221;default&#8221; global_colors_info=&#8221;{}&#8221;][et_pb_column type=&#8221;1_3&#8243; _builder_version=&#8221;4.16&#8243; _module_preset=&#8221;default&#8221; global_colors_info=&#8221;{}&#8221;][et_pb_text _builder_version=&#8221;4.27.5&#8243; _module_preset=&#8221;default&#8221; text_font=&#8221;Source Sans Pro||||||||&#8221; header_font=&#8221;Source Sans Pro|600|||||||&#8221; header_font_size=&#8221;36px&#8221; header_3_font=&#8221;Source Sans Pro||||||||&#8221; header_3_font_size=&#8221;18px&#8221; header_3_letter_spacing=&#8221;2px&#8221; header_3_line_height=&#8221;1.4em&#8221; hover_enabled=&#8221;0&#8243; global_colors_info=&#8221;{}&#8221; sticky_enabled=&#8221;0&#8243;]<\/p>\n<h3>GREENCELLS CEE S.R.L.<br \/>BIROU CLUJ NAPOCA<\/h3>\n<p><span><\/span><\/p>\n<p>Str. Alexandru Vaida Voevod, nr.53 B, Etaj 2<br \/>Cluj-Napoca, C.P. 400592, Rom\u00e2nia  <\/p>\n<p>Ede Nagy<br \/><span>(CEO)<br \/><\/span><\/p>\n<p><span>Telefon: +40 799 723 529<\/span><\/p>\n<p>[\/et_pb_text][\/et_pb_column][et_pb_column type=&#8221;2_3&#8243; _builder_version=&#8221;4.16&#8243; _module_preset=&#8221;default&#8221; global_colors_info=&#8221;{}&#8221;][et_pb_image src=&#8221;https:\/\/greencells.com\/wp-content\/uploads\/2022\/06\/GFX_300622_Office_Cluj.jpg&#8221; title_text=&#8221;GFX_300622_Office_Cluj&#8221; _builder_version=&#8221;4.17.4&#8243; _module_preset=&#8221;default&#8221; global_colors_info=&#8221;{}&#8221;][\/et_pb_image][\/et_pb_column][\/et_pb_row][\/et_pb_section]<\/p>\n","protected":false},"excerpt":{"rendered":"<p>PROIECTE GLOBALE, PREZEN\u021a\u0102 LOCAL\u0102 &#8211; UNDE NE PUTE\u021aI G\u0102SI.CENTRELE NOASTRE REGIONALEGERMANIAGREENCELLS GMBH:HEADOFFICE SAARBR\u00dcCKEN Bahnhofstra\u00dfe 2866111 Saarbr\u00fccken Fabian Herr (CEO) Telefon: +49 681 992 669 10Fax: +49 681 992 665 74ROM\u00c2NIAGREENCELLS CEE S.R.L.BIROU CLUJ NAPOCA Str. Alexandru Vaida Voevod, nr.53 B, Etaj 2Cluj-Napoca, C.P. 400592, Rom\u00e2nia Ede Nagy(CEO) Telefon: +40 799 723 529<\/p>\n","protected":false},"author":18,"featured_media":0,"parent":18794,"menu_order":0,"comment_status":"closed","ping_status":"closed","template":"","meta":{"_et_pb_use_builder":"on","_et_pb_old_content":"","_et_gb_content_width":"","footnotes":""},"class_list":["post-18804","page","type-page","status-publish","hentry"],"yoast_head":"<!-- This site is optimized with the Yoast SEO plugin v27.4 - https:\/\/yoast.com\/product\/yoast-seo-wordpress\/ -->\n<title>Adrese ale centrelor regionale | Loca\u021biile Greencells Group<\/title>\n<meta name=\"description\" content=\"G\u0103si\u021bi datele de contact pentru centrele regionale ale Greencells Group, inclusiv sediul nostru central din Germania \u0219i biroul nostru din Rom\u00e2nia.\" \/>\n<meta name=\"robots\" content=\"index, follow, max-snippet:-1, max-image-preview:large, max-video-preview:-1\" \/>\n<link rel=\"canonical\" href=\"https:\/\/greencells.com\/ro\/persoana-de-contact\/adrese-ale-centrelor-regionale\/\" \/>\n<meta property=\"og:locale\" content=\"ro_RO\" \/>\n<meta property=\"og:type\" content=\"article\" \/>\n<meta property=\"og:title\" content=\"Adrese ale centrelor regionale | Loca\u021biile Greencells Group\" \/>\n<meta property=\"og:description\" content=\"G\u0103si\u021bi datele de contact pentru centrele regionale ale Greencells Group, inclusiv sediul nostru central din Germania \u0219i biroul nostru din Rom\u00e2nia.\" \/>\n<meta property=\"og:url\" content=\"https:\/\/greencells.com\/ro\/persoana-de-contact\/adrese-ale-centrelor-regionale\/\" \/>\n<meta property=\"og:site_name\" content=\"Greencells Group\" \/>\n<meta property=\"article:modified_time\" content=\"2026-02-04T09:30:33+00:00\" \/>\n<meta name=\"twitter:card\" content=\"summary_large_image\" \/>\n<meta name=\"twitter:label1\" content=\"Timp estimat pentru citire\" \/>\n\t<meta name=\"twitter:data1\" content=\"6 minute\" \/>\n<script type=\"application\/ld+json\" class=\"yoast-schema-graph\">{\"@context\":\"https:\\\/\\\/schema.org\",\"@graph\":[{\"@type\":\"WebPage\",\"@id\":\"https:\\\/\\\/greencells.com\\\/ro\\\/persoana-de-contact\\\/adrese-ale-centrelor-regionale\\\/\",\"url\":\"https:\\\/\\\/greencells.com\\\/ro\\\/persoana-de-contact\\\/adrese-ale-centrelor-regionale\\\/\",\"name\":\"Adrese ale centrelor regionale | Loca\u021biile Greencells Group\",\"isPartOf\":{\"@id\":\"https:\\\/\\\/greencells.com\\\/ro\\\/#website\"},\"datePublished\":\"2025-10-09T09:50:48+00:00\",\"dateModified\":\"2026-02-04T09:30:33+00:00\",\"description\":\"G\u0103si\u021bi datele de contact pentru centrele regionale ale Greencells Group, inclusiv sediul nostru central din Germania \u0219i biroul nostru din Rom\u00e2nia.\",\"breadcrumb\":{\"@id\":\"https:\\\/\\\/greencells.com\\\/ro\\\/persoana-de-contact\\\/adrese-ale-centrelor-regionale\\\/#breadcrumb\"},\"inLanguage\":\"ro-RO\",\"potentialAction\":[{\"@type\":\"ReadAction\",\"target\":[\"https:\\\/\\\/greencells.com\\\/ro\\\/persoana-de-contact\\\/adrese-ale-centrelor-regionale\\\/\"]}]},{\"@type\":\"BreadcrumbList\",\"@id\":\"https:\\\/\\\/greencells.com\\\/ro\\\/persoana-de-contact\\\/adrese-ale-centrelor-regionale\\\/#breadcrumb\",\"itemListElement\":[{\"@type\":\"ListItem\",\"position\":1,\"name\":\"Home\",\"item\":\"https:\\\/\\\/greencells.com\\\/ro\\\/acasa\\\/\"},{\"@type\":\"ListItem\",\"position\":2,\"name\":\"Persoan\u0103 de contact\",\"item\":\"https:\\\/\\\/greencells.com\\\/ro\\\/persoana-de-contact\\\/\"},{\"@type\":\"ListItem\",\"position\":3,\"name\":\"Adrese ale centrelor regionale\"}]},{\"@type\":\"WebSite\",\"@id\":\"https:\\\/\\\/greencells.com\\\/ro\\\/#website\",\"url\":\"https:\\\/\\\/greencells.com\\\/ro\\\/\",\"name\":\"Greencells Group\",\"description\":\"Greencells Group Homepage\",\"potentialAction\":[{\"@type\":\"SearchAction\",\"target\":{\"@type\":\"EntryPoint\",\"urlTemplate\":\"https:\\\/\\\/greencells.com\\\/ro\\\/?s={search_term_string}\"},\"query-input\":{\"@type\":\"PropertyValueSpecification\",\"valueRequired\":true,\"valueName\":\"search_term_string\"}}],\"inLanguage\":\"ro-RO\"}]}<\/script>\n<!-- \/ Yoast SEO plugin. -->","yoast_head_json":{"title":"Adrese ale centrelor regionale | Loca\u021biile Greencells Group","description":"G\u0103si\u021bi datele de contact pentru centrele regionale ale Greencells Group, inclusiv sediul nostru central din Germania \u0219i biroul nostru din Rom\u00e2nia.","robots":{"index":"index","follow":"follow","max-snippet":"max-snippet:-1","max-image-preview":"max-image-preview:large","max-video-preview":"max-video-preview:-1"},"canonical":"https:\/\/greencells.com\/ro\/persoana-de-contact\/adrese-ale-centrelor-regionale\/","og_locale":"ro_RO","og_type":"article","og_title":"Adrese ale centrelor regionale | Loca\u021biile Greencells Group","og_description":"G\u0103si\u021bi datele de contact pentru centrele regionale ale Greencells Group, inclusiv sediul nostru central din Germania \u0219i biroul nostru din Rom\u00e2nia.","og_url":"https:\/\/greencells.com\/ro\/persoana-de-contact\/adrese-ale-centrelor-regionale\/","og_site_name":"Greencells Group","article_modified_time":"2026-02-04T09:30:33+00:00","twitter_card":"summary_large_image","twitter_misc":{"Timp estimat pentru citire":"6 minute"},"schema":{"@context":"https:\/\/schema.org","@graph":[{"@type":"WebPage","@id":"https:\/\/greencells.com\/ro\/persoana-de-contact\/adrese-ale-centrelor-regionale\/","url":"https:\/\/greencells.com\/ro\/persoana-de-contact\/adrese-ale-centrelor-regionale\/","name":"Adrese ale centrelor regionale | Loca\u021biile Greencells Group","isPartOf":{"@id":"https:\/\/greencells.com\/ro\/#website"},"datePublished":"2025-10-09T09:50:48+00:00","dateModified":"2026-02-04T09:30:33+00:00","description":"G\u0103si\u021bi datele de contact pentru centrele regionale ale Greencells Group, inclusiv sediul nostru central din Germania \u0219i biroul nostru din Rom\u00e2nia.","breadcrumb":{"@id":"https:\/\/greencells.com\/ro\/persoana-de-contact\/adrese-ale-centrelor-regionale\/#breadcrumb"},"inLanguage":"ro-RO","potentialAction":[{"@type":"ReadAction","target":["https:\/\/greencells.com\/ro\/persoana-de-contact\/adrese-ale-centrelor-regionale\/"]}]},{"@type":"BreadcrumbList","@id":"https:\/\/greencells.com\/ro\/persoana-de-contact\/adrese-ale-centrelor-regionale\/#breadcrumb","itemListElement":[{"@type":"ListItem","position":1,"name":"Home","item":"https:\/\/greencells.com\/ro\/acasa\/"},{"@type":"ListItem","position":2,"name":"Persoan\u0103 de contact","item":"https:\/\/greencells.com\/ro\/persoana-de-contact\/"},{"@type":"ListItem","position":3,"name":"Adrese ale centrelor regionale"}]},{"@type":"WebSite","@id":"https:\/\/greencells.com\/ro\/#website","url":"https:\/\/greencells.com\/ro\/","name":"Greencells Group","description":"Greencells Group Homepage","potentialAction":[{"@type":"SearchAction","target":{"@type":"EntryPoint","urlTemplate":"https:\/\/greencells.com\/ro\/?s={search_term_string}"},"query-input":{"@type":"PropertyValueSpecification","valueRequired":true,"valueName":"search_term_string"}}],"inLanguage":"ro-RO"}]}},"_links":{"self":[{"href":"https:\/\/greencells.com\/ro\/wp-json\/wp\/v2\/pages\/18804","targetHints":{"allow":["GET"]}}],"collection":[{"href":"https:\/\/greencells.com\/ro\/wp-json\/wp\/v2\/pages"}],"about":[{"href":"https:\/\/greencells.com\/ro\/wp-json\/wp\/v2\/types\/page"}],"author":[{"embeddable":true,"href":"https:\/\/greencells.com\/ro\/wp-json\/wp\/v2\/users\/18"}],"replies":[{"embeddable":true,"href":"https:\/\/greencells.com\/ro\/wp-json\/wp\/v2\/comments?post=18804"}],"version-history":[{"count":4,"href":"https:\/\/greencells.com\/ro\/wp-json\/wp\/v2\/pages\/18804\/revisions"}],"predecessor-version":[{"id":19356,"href":"https:\/\/greencells.com\/ro\/wp-json\/wp\/v2\/pages\/18804\/revisions\/19356"}],"up":[{"embeddable":true,"href":"https:\/\/greencells.com\/ro\/wp-json\/wp\/v2\/pages\/18794"}],"wp:attachment":[{"href":"https:\/\/greencells.com\/ro\/wp-json\/wp\/v2\/media?parent=18804"}],"curies":[{"name":"wp","href":"https:\/\/api.w.org\/{rel}","templated":true}]}}